{"id":1497,"date":"2019-05-25T14:31:22","date_gmt":"2019-05-25T14:31:22","guid":{"rendered":"http:\/\/sv-so.de\/?page_id=1497"},"modified":"2019-06-13T20:54:44","modified_gmt":"2019-06-13T20:54:44","slug":"trip-10","status":"publish","type":"page","link":"https:\/\/sv-so.de\/?page_id=1497","title":{"rendered":"Vereinsgeschichte"},"content":{"rendered":"<div class=\"wpb-content-wrapper\"><p>[vc_row bg_type=&#8220;image&#8220; parallax_style=&#8220;vcpb-default&#8220; bg_image_new=&#8220;id^1531|url^http:\/\/sv-so.de\/wp-content\/uploads\/2019\/05\/2a.jpg|caption^null|alt^null|title^2a|description^null&#8220; bg_image_repeat=&#8220;no-repeat&#8220; bg_img_attach=&#8220;fixed&#8220; bg_override=&#8220;ex-full&#8220; enable_overlay=&#8220;enable_overlay_value&#8220; overlay_color=&#8220;rgba(0,0,0,0.6)&#8220; type=&#8220;vc_default&#8220; css=&#8220;.vc_custom_1559076476224{padding-top: 6% !important;padding-bottom: 6% !important;}&#8220;][vc_column css=&#8220;.vc_custom_1492694838569{padding-top: 6% !important;padding-bottom: 6% !important;}&#8220; offset=&#8220;vc_col-lg-offset-2 vc_col-lg-8 vc_col-md-offset-1 vc_col-md-10 vc_col-sm-offset-0&#8243;]<div id=\"ultimate-heading-845169f3d44a6b5e4\" class=\"uvc-heading ult-adjust-bottom-margin ultimate-heading-845169f3d44a6b5e4 uvc-9716 accent-subtitle-color\" data-hspacer=\"no_spacer\"  data-halign=\"center\" style=\"text-align:center\"><div class=\"uvc-heading-spacer no_spacer\" style=\"top\"><\/div><div class=\"uvc-main-heading ult-responsive\"  data-ultimate-target='.uvc-heading.ultimate-heading-845169f3d44a6b5e4 h2'  data-responsive-json-new='{\"font-size\":\"desktop:70px;tablet:50px;tablet_portrait:40px;mobile_landscape:28px;\",\"line-height\":\"desktop:80px;tablet:60px;tablet_portrait:50px;mobile_landscape:38px;\"}' ><h2 style=\"font-weight:bold;color:#ffffff;margin-bottom:30px;\">Vereinsgeschichte<\/h2><\/div><div class=\"uvc-sub-heading ult-responsive\"  data-ultimate-target='.uvc-heading.ultimate-heading-845169f3d44a6b5e4 .uvc-sub-heading '  data-responsive-json-new='{\"font-size\":\"desktop:28px;mobile_landscape:18px;\",\"line-height\":\"desktop:38px;mobile_landscape:28px;\"}'  style=\"font-family:&#039;Roboto Slab&#039;;font-weight:700;\">des SV Seitingen-Oberflacht<\/div><\/div>[\/vc_column][\/vc_row][vc_row equal_height=&#8220;yes&#8220; type=&#8220;vc_default&#8220; css=&#8220;.vc_custom_1492758885864{padding-top: 100px !important;padding-bottom: 50px !important;}&#8220;][vc_column width=&#8220;7\/12&#8243; css=&#8220;.vc_custom_1492766991907{padding-bottom: 50px !important;}&#8220; offset=&#8220;vc_col-lg-5 vc_col-md-6&#8243;]<div id=\"ultimate-heading-674469f3d44a6b661\" class=\"uvc-heading ult-adjust-bottom-margin ultimate-heading-674469f3d44a6b661 uvc-8247 \" data-hspacer=\"no_spacer\"  data-halign=\"left\" style=\"text-align:left\"><div class=\"uvc-heading-spacer no_spacer\" style=\"top\"><\/div><div class=\"uvc-main-heading ult-responsive\"  data-ultimate-target='.uvc-heading.ultimate-heading-674469f3d44a6b661 h2'  data-responsive-json-new='{\"font-size\":\"desktop:36px;\",\"line-height\":\"desktop:46px;\"}' ><h2 style=\"font-weight:bold;margin-bottom:25px;\">Anpfiff - Die Gr\u00fcnderjahre<\/h2><\/div><\/div>[vc_column_text]Die Geschichte unseres Vereins beginnt am 13.06.1953. An diesem Tag trafen sich \u00fcber 30 fu\u00dfballbegeisterte M\u00e4nner im Gasthaus Adler in Seitingen, um den SV Seitingen zu gr\u00fcnden. Nach den ersten Wahlen, der Verabschiedung der ersten Satzung und dem Beschluss der Vereinsfarben (schwarz-rot), standen die 50er-Jahre vor allem im Zeichen des Aufbaus. So galt es das neue Sportgel\u00e4nde am Galgen zu beziehen und alles n\u00f6tige f\u00fcr den Fu\u00dfballbetrieb anzuschaffen. So wurde 1956 in Eigenarbeit eine Liegehalle am Sportplatz aufgebaut, um als Umkleidekabine zu fungieren und den Zuschauern Schutz vor schlechtem Wetter zu bieten. 1958 erfolgte eine erste Erweiterung und Versch\u00f6nerung des Sportplatzes am Galgen. Dieser wurde erneut Eingeweiht und mit einem Pokalturnier umrahmt. Dies ist Ende der 50er der Abschluss eines ersten, arbeitsreichen Jahrzehnts f\u00fcr den SVS.[\/vc_column_text][\/vc_column][vc_column width=&#8220;5\/12&#8243; css=&#8220;.vc_custom_1492766972790{padding-bottom: 50px !important;}&#8220; offset=&#8220;vc_col-lg-7 vc_col-md-6&#8243;]<style type=\"text\/css\" data-type=\"the7_shortcodes-inline-css\">.shortcode-single-image-wrap.shortcode-single-image-d99e571be31f7129663591ac8e2952a5.enable-bg-rollover .rollover i,\n.shortcode-single-image-wrap.shortcode-single-image-d99e571be31f7129663591ac8e2952a5.enable-bg-rollover .rollover-video i {\n  background: ;\n  background: -webkit-linear-gradient();\n  background: linear-gradient();\n}\n.shortcode-single-image-wrap.shortcode-single-image-d99e571be31f7129663591ac8e2952a5 .rollover-icon {\n  font-size: 32px;\n  color: #ffffff;\n  min-width: 44px;\n  min-height: 44px;\n  line-height: 44px;\n  border-radius: 100px;\n  border-style: solid;\n  border-width: 0px;\n}\n.dt-icon-bg-on.shortcode-single-image-wrap.shortcode-single-image-d99e571be31f7129663591ac8e2952a5 .rollover-icon {\n  background: rgba(255,255,255,0.3);\n  box-shadow: none;\n}\n<\/style><div class=\"shortcode-single-image-wrap shortcode-single-image-d99e571be31f7129663591ac8e2952a5 alignnone  enable-bg-rollover dt-icon-bg-off\" style=\"margin-top:0px; margin-bottom:0px; margin-left:0px; margin-right:0px; width:960px;\"><div class=\"shortcode-single-image\"><div class=\"fancy-media-wrap\" style=\"\"><a class=\"layzr-bg rollover rollover-zoom dt-pswp-item pswp-image\" href=\"https:\/\/sv-so.de\/wp-content\/uploads\/2019\/05\/IMG_20190413_0001.jpg\" title=\"IMG_20190413_0001\" data-dt-img-description=\"\" data-large_image_width=\"1800\" data-large_image_height = \"1200\"  style=\"\"><img fetchpriority=\"high\" decoding=\"async\" class=\"preload-me lazy-load aspect\" src=\"data:image\/svg+xml,%3Csvg%20xmlns%3D&#39;http%3A%2F%2Fwww.w3.org%2F2000%2Fsvg&#39;%20viewBox%3D&#39;0%200%20960%20640&#39;%2F%3E\" data-src=\"https:\/\/sv-so.de\/wp-content\/uploads\/2019\/05\/IMG_20190413_0001-960x640.jpg\" data-srcset=\"https:\/\/sv-so.de\/wp-content\/uploads\/2019\/05\/IMG_20190413_0001-960x640.jpg 960w, https:\/\/sv-so.de\/wp-content\/uploads\/2019\/05\/IMG_20190413_0001.jpg 1800w\" loading=\"eager\" style=\"--ratio: 960 \/ 640\" sizes=\"(max-width: 960px) 100vw, 960px\" width=\"960\" height=\"640\"  data-dt-location=\"https:\/\/sv-so.de\/?attachment_id=1476\" alt=\"\" \/><\/a><\/div><\/div><\/div>[\/vc_column][\/vc_row][vc_row equal_height=&#8220;yes&#8220; bg_type=&#8220;bg_color&#8220; bg_override=&#8220;ex-full&#8220; type=&#8220;vc_default&#8220; bg_color_value=&#8220;#f4f4f4&#8243;][vc_column width=&#8220;1\/2&#8243; css=&#8220;.vc_custom_1492764938173{padding-top: 90px !important;padding-bottom: 90px !important;}&#8220;]<div id=\"ultimate-heading-263269f3d44a6e9a0\" class=\"uvc-heading ult-adjust-bottom-margin ultimate-heading-263269f3d44a6e9a0 uvc-1456 accent-subtitle-color\" data-hspacer=\"no_spacer\"  data-halign=\"left\" style=\"text-align:left\"><div class=\"uvc-heading-spacer no_spacer\" style=\"top\"><\/div><div class=\"uvc-main-heading ult-responsive\"  data-ultimate-target='.uvc-heading.ultimate-heading-263269f3d44a6e9a0 h2'  data-responsive-json-new='{\"font-size\":\"desktop:36px;\",\"line-height\":\"desktop:46px;\"}' ><h2 style=\"font-weight:bold;margin-bottom:10px;\">Entwicklungsjahre - Erste Erfolge und neue Wege<\/h2><\/div><\/div>[vc_column_text css=&#8220;.vc_custom_1560459071779{padding-bottom: 25px !important;}&#8220;]Zu Beginn der 60er-Jahre r\u00fcckte zunehmend die sportliche Entwicklung des Vereins in den Vordergrund. Bereits 1961 konnte man mit dem Baarpokalsieg in Durchhausen einen ersten prestigetr\u00e4chtigen Erfolg feiern. Aufbauend auf diesen Erfolg entwickelte sich die Mannschaft best\u00e4ndig weiter. 1963 gab es mit dem 10-j\u00e4hrigen Jubil\u00e4um einen Grund zu feiern. Die zweit\u00e4gigen Feierlichkeiten wurden begleitet von einem Festakt mit Ehrungen und einem Aktiven- und Sch\u00fclerturnier am Galgen. Einen weiteren Grund zur Freude lieferte dann wieder die Mannschaft, als man 1968 erstmals Meister in der C-Klasse wurde. Neue Wege ging der SVS 1968, als er eine eigene Damenfu\u00dfballmannschaft gr\u00fcndete, was zu dieser Zeit alles andere als \u00fcblich war. Diese Mannschaft diente dem Verein viele Jahre als weiteres Aush\u00e4ngeschild und auch wenn es dieses Team heute nicht mehr gibt, so sind dem Verein doch viele Frauen von damals erhalten geblieben und haben tatkr\u00e4ftig bei der Gr\u00fcndung unserer Gymnastikgruppen geholfen.[\/vc_column_text][\/vc_column][vc_column width=&#8220;1\/2&#8243; css=&#8220;.vc_custom_1558974248168{padding-top: 25% !important;padding-bottom: 25% !important;background-image: url(http:\/\/sv-so.de\/wp-content\/uploads\/2019\/05\/IMG_20190413_0002-2.jpg?id=1564) !important;background-position: center !important;background-repeat: no-repeat !important;background-size: contain !important;}&#8220;][\/vc_column][\/vc_row][vc_row equal_height=&#8220;yes&#8220; type=&#8220;vc_default&#8220;][vc_column width=&#8220;1\/2&#8243; css=&#8220;.vc_custom_1492764938173{padding-top: 90px !important;padding-bottom: 90px !important;}&#8220;]<div id=\"ultimate-heading-676169f3d44a6ea1e\" class=\"uvc-heading ult-adjust-bottom-margin ultimate-heading-676169f3d44a6ea1e uvc-4364 accent-subtitle-color\" data-hspacer=\"no_spacer\"  data-halign=\"left\" style=\"text-align:left\"><div class=\"uvc-heading-spacer no_spacer\" style=\"top\"><\/div><div class=\"uvc-main-heading ult-responsive\"  data-ultimate-target='.uvc-heading.ultimate-heading-676169f3d44a6ea1e h2'  data-responsive-json-new='{\"font-size\":\"desktop:36px;\",\"line-height\":\"desktop:46px;\"}' ><h2 style=\"font-weight:bold;margin-bottom:10px;\">Der Verein etabliert sich - Erfolgreiche Zeiten und ungewisse Zukunft<\/h2><\/div><\/div>[vc_column_text css=&#8220;.vc_custom_1560459107258{padding-bottom: 25px !important;}&#8220;]W\u00e4hrend die 60er-Jahre noch als Zeit des Reifeprozesses betrachten werden k\u00f6nnen, war diese Phase zu Beginn des Jahres 1970 weitestgehend abgeschlossen. Nun galt es die Fr\u00fcchte der positiven Entwicklung einzusammeln. Zwei Baarpokalsiege 1972 und 1974 (beide in Gunningen) sowie eine fantastische Saison 1973, in der man ungeschlagen Meister in\u00a0 der C-Klasse wurde, zeugen von der guten und erfolgreichen Arbeit im Verein. Auch abseits des Platzes ging die Erfolgsgeschichte weiter. 1971 wurde eine Flutlichtanlage am Galgen gebaut, 1973 konnte man im gro\u00dfen Rahmen das 20-j\u00e4hrige Bestehen des Vereins feiern sowie eine aktualisierte Satzung verabschieden. Daneben wurde der Verein 1975 nicht nur offiziell ins Vereinsregister eingetragen (SV Seitingen e.V.), sondern als gro\u00dfes Highlight konnte man, ebenfalls 1975, das neugebaute Sportheim am Galgen feierlich er\u00f6ffnen.<\/p>\n<p>Eine erste gro\u00dfe Krise musste der Verein ab 1975 l\u00f6sen. Diese Bezog sich nicht so sehr auf den Verein selbst, als auf die Situation am Sportplatz Galgen. Der SVS plante ab 1975 den Bau eines Ausweichspielfeldes am Galgen. Dies gestaltete sich allerdings schwerer als Gedacht, sodass sowohl Verein als auch Gemeinde viele Jahre mit z\u00e4hen Verhandlungen verbrachten. Nachdem ab 1976 der bisherige Ausweichplatz an der Anstatt nicht mehr zur Verf\u00fcgung stand, wurde die Situation noch angespannter. Schlie\u00dflich dauerte es bis 1978, ehe man einen Konsens f\u00fcr die Zukunft finden konnte. Damals wurde beschlossen, dass die Gemeinde ein neues Sportzentrum auf dem Flurst\u00fcck Deckenhofen einrichten w\u00fcrde. Die Zeit des SVS am Galgen war abgelaufen.[\/vc_column_text][\/vc_column][vc_column width=&#8220;1\/2&#8243; css=&#8220;.vc_custom_1559077792626{padding-top: 25% !important;padding-bottom: 25% !important;background-image: url(http:\/\/sv-so.de\/wp-content\/uploads\/2019\/05\/3c.jpg?id=1536) !important;background-position: center !important;background-repeat: no-repeat !important;background-size: contain !important;}&#8220;][\/vc_column][\/vc_row][vc_row equal_height=&#8220;yes&#8220; type=&#8220;vc_default&#8220;][vc_column width=&#8220;1\/2&#8243; css=&#8220;.vc_custom_1492764938173{padding-top: 90px !important;padding-bottom: 90px !important;}&#8220;]<div id=\"ultimate-heading-732669f3d44a6ea59\" class=\"uvc-heading ult-adjust-bottom-margin ultimate-heading-732669f3d44a6ea59 uvc-9559 accent-subtitle-color\" data-hspacer=\"no_spacer\"  data-halign=\"left\" style=\"text-align:left\"><div class=\"uvc-heading-spacer no_spacer\" style=\"top\"><\/div><div class=\"uvc-main-heading ult-responsive\"  data-ultimate-target='.uvc-heading.ultimate-heading-732669f3d44a6ea59 h2'  data-responsive-json-new='{\"font-size\":\"desktop:36px;\",\"line-height\":\"desktop:46px;\"}' ><h2 style=\"font-weight:bold;margin-bottom:10px;\">Umzug \u2013 Neuanf\u00e4nge in Deckenhofen<\/h2><\/div><\/div>[vc_column_text css=&#8220;.vc_custom_1560459130113{padding-bottom: 25px !important;}&#8220;]Nach drei erfolgreichen Jahrzehnten am Sportplatz Galgen, begann f\u00fcr den SVS am 02.08.1980 eine neue \u00c4ra. Das Sportheim am Galgen wurde an den neu gegr\u00fcndeten Tennisclub verkauft und man zog in eine Bauh\u00fctte auf die sogenannte Benne Wiese im Flurst\u00fcck Deckenhofen. Fortan wurde hier Fu\u00dfball gespielt. 1981 erfolgte der Spatenstich f\u00fcr das neue Vereinsheim, welches nach nur 14-monatiger Bauzeit offiziell er\u00f6ffnet werden konnte. 1983 erfolgte noch ein gro\u00dfes Fest, bei dem sowohl das Sportheim, als auch beide Rasenpl\u00e4tze eingeweiht wurden. 1985 baute der Verein in Eigenleistung einen der Rasenpl\u00e4tze zu einem Hartplatz um. Ende der 80er-Jahre erfolgten noch weitere Bauma\u00dfnahmen, indem z.B. Parkpl\u00e4tze um das Sportheim gebaut und ein Archiv in der B\u00fchne des Sportheims angelegt wurde.<\/p>\n<p>Eine Investition in die Zukunft des Vereins etwas anderer Art erfolgte im Jahr 1984. Mit dem Start einer F-Jugend begann f\u00fcr den Sportverein eine neue Dimension der Jugendarbeit. Dies bildete den Grundstein f\u00fcr die gute Jugendarbeit in den kommenden Jahrzehnten. Honoriert wurde diese seit der Spielzeit 1989\/90 auch vom WFV, als wir erstmals den Jugendanerkennungspreis f\u00fcr gute Jugendarbeit erhielten. Diesen Preis bekamen wir bis zu seiner Abschaffung jedes Jahr.[\/vc_column_text][\/vc_column][vc_column width=&#8220;1\/2&#8243; css=&#8220;.vc_custom_1558904626950{padding-top: 25% !important;padding-bottom: 25% !important;background-image: url(http:\/\/sv-so.de\/wp-content\/uploads\/2019\/05\/4b.jpg?id=1538) !important;background-position: center !important;background-repeat: no-repeat !important;background-size: contain !important;}&#8220;][\/vc_column][\/vc_row][vc_row equal_height=&#8220;yes&#8220; type=&#8220;vc_default&#8220;][vc_column width=&#8220;1\/2&#8243; css=&#8220;.vc_custom_1492764938173{padding-top: 90px !important;padding-bottom: 90px !important;}&#8220;]<div id=\"ultimate-heading-326369f3d44a6ea8c\" class=\"uvc-heading ult-adjust-bottom-margin ultimate-heading-326369f3d44a6ea8c uvc-1463 accent-subtitle-color\" data-hspacer=\"no_spacer\"  data-halign=\"left\" style=\"text-align:left\"><div class=\"uvc-heading-spacer no_spacer\" style=\"top\"><\/div><div class=\"uvc-main-heading ult-responsive\"  data-ultimate-target='.uvc-heading.ultimate-heading-326369f3d44a6ea8c h2'  data-responsive-json-new='{\"font-size\":\"desktop:36px;\",\"line-height\":\"desktop:46px;\"}' ><h2 style=\"font-weight:bold;margin-bottom:10px;\">Die 90er - Ver\u00e4nderungen, Aufstieg und ein neuer Name<\/h2><\/div><\/div>[vc_column_text css=&#8220;.vc_custom_1560459150740{padding-bottom: 25px !important;}&#8220;]Arbeitsreich ging es auch in den 1990er Jahren weiter. Neben dem Einbau einer Hartplatzbew\u00e4sserungsanlage (1991) und dem Bau einer Doppelgarage am Hauptspielfeld (1999), war vor allem der Ausbau des Dachgeschosses im Sportheim zu einer Wohnung, im Jahr 1997, einer der gr\u00f6\u00dferen Kraftakte. Im selben Zuge wurde das Sportheim auch an die Familie Bozza verpachtet. Somit endeten ca. 25 Jahre der erfolgreichen Vereinsheim-Bewirtung in Eigenregie. Neben dem 40-j\u00e4hrigen Vereinsjubil\u00e4um im Jahr 1993, welches mit einem gro\u00dfen Festakt, der Ausrichtung des Baarpokalturniers und einer Ausstellung geb\u00fchrend gefeiert wurde, gab es vor allem 1998 einen gro\u00dfen Grund zur Freude. Nach vielen guten Jahren in der Kreisliga B, gelangt \u00b498 in der Relegation endlich der erstmalige Aufstieg in die Kreisliga A.<\/p>\n<p>Wurden die Gemeinden Seitingen und Oberflacht bereits 1975 im Zuge der Gemeindereform zusammengeschlossen, folgte eine Anpassung des Vereins erst im Jahr 1995. Am 30.06. wurde aus dem SV Seitingen e.V. offiziell der SV Seitingen-Oberflacht e.V.. Altbew\u00e4hrtes aus der bisherigen Satzung wurde dabei legitimiert und einstimmig formell beschlossen.[\/vc_column_text][\/vc_column][vc_column width=&#8220;1\/2&#8243; css=&#8220;.vc_custom_1558973874712{padding-top: 25% !important;padding-bottom: 25% !important;background-image: url(http:\/\/sv-so.de\/wp-content\/uploads\/2019\/05\/IMG_20190411_0023-1.jpg?id=1566) !important;background-position: center !important;background-repeat: no-repeat !important;background-size: contain !important;}&#8220;][\/vc_column][\/vc_row][vc_row equal_height=&#8220;yes&#8220; type=&#8220;vc_default&#8220;][vc_column width=&#8220;1\/2&#8243; css=&#8220;.vc_custom_1492764938173{padding-top: 90px !important;padding-bottom: 90px !important;}&#8220;]<div id=\"ultimate-heading-28469f3d44a6eac5\" class=\"uvc-heading ult-adjust-bottom-margin ultimate-heading-28469f3d44a6eac5 uvc-1471 accent-subtitle-color\" data-hspacer=\"no_spacer\"  data-halign=\"left\" style=\"text-align:left\"><div class=\"uvc-heading-spacer no_spacer\" style=\"top\"><\/div><div class=\"uvc-main-heading ult-responsive\"  data-ultimate-target='.uvc-heading.ultimate-heading-28469f3d44a6eac5 h2'  data-responsive-json-new='{\"font-size\":\"desktop:36px;\",\"line-height\":\"desktop:46px;\"}' ><h2 style=\"font-weight:bold;margin-bottom:10px;\">Ein neues Jahrtausend - Turbulente Zeiten in der Kreisliga<\/h2><\/div><\/div>[vc_column_text css=&#8220;.vc_custom_1560459205721{padding-bottom: 25px !important;}&#8220;]Auch im neuen Jahrtausend gab es f\u00fcr den SVSO einiges zu tun. Im Zuge der Hartplatzsanierung 2000, wurden zugleich der Weg zwischen Rasen- und Hartplatz gepflastert sowie Befestigungen entlang der Stra\u00dfe als Sitzgelegenheiten angebracht. Au\u00dferdem begannen 2000 die Anbauarbeiten am Sportheim. Dort wurden eine neue Umkleidekabine mit Duschen sowie ein Gesch\u00e4ftszimmer angebaut, welche 2002 eingeweiht werden konnten. Auch die Ger\u00e4teh\u00fctte wurde im selben Jahr modernisiert und mit einer Grillstelle erweitert.<\/p>\n<p>Sportlich betrachtet gab es ebenfalls zahlreiche Highlights. So konnte man nach kurzer Abstinenz, im Juni 2003, als Meister den Aufstieg zur\u00fcck in die Kreisliga A perfekt machen. Diese Meisterschaft passte wie die Faust aufs Auge, feierte man doch im Juli 2003 50 Jahre SV Seitingen-Oberflacht. Umrahmt vom Baarpokalturnier, gab es bei der dreit\u00e4gigen Festveranstaltung ein abwechslungsreiches Programm. Eine gro\u00dfe Ausstellung, zwei Bands und jede Menge Fu\u00dfball sorgten f\u00fcr beste Unterhaltung. Ebenfalls seit 2003 gab es wieder Frauenfu\u00dfball beim SVSO. 2004 konnten die Aktiven zwar den Baarpokal in \u00d6fingen gewinnen, den Abstieg in die Kreisliga B aber nicht verhindern. Bereits im n\u00e4chsten Jahr allerdings, gelang durch den Sieg in der Relegation der direkte Wideraufstieg. Seit 2005 etablierte man sich dann nicht nur in der Kreisliga A, sondern entwickelte sich zu einer der Spitzenmannschaften in der Liga. Gegen Ende des Jahrzehnts folgten die bisher gr\u00f6\u00dften sportlichen Erfolge in der Vereinsgeschichte. 2008 konnte man in Gunningen erneut den Baarpokal gewinnen und wurde dadurch erstmals Gesamtsieger des Wanderpokals. Ein Jahr sp\u00e4ter, am 21.06. 2009, stieg man nach einem packenden Relegationsspiel (1:0 Sieg gegen den SV Spaichingen), erstmals in der Vereinsgeschichte in die Bezirksliga auf.[\/vc_column_text][\/vc_column][vc_column width=&#8220;1\/2&#8243; css=&#8220;.vc_custom_1558973894058{padding-top: 25% !important;padding-bottom: 25% !important;background-image: url(http:\/\/sv-so.de\/wp-content\/uploads\/2019\/05\/IMG_20190411_0020-1.jpg?id=1562) !important;background-position: center !important;background-repeat: no-repeat !important;background-size: contain !important;}&#8220;][\/vc_column][\/vc_row][vc_row equal_height=&#8220;yes&#8220; type=&#8220;vc_default&#8220;][vc_column width=&#8220;1\/2&#8243; css=&#8220;.vc_custom_1492764938173{padding-top: 90px !important;padding-bottom: 90px !important;}&#8220;]<div id=\"ultimate-heading-185269f3d44a6eaf5\" class=\"uvc-heading ult-adjust-bottom-margin ultimate-heading-185269f3d44a6eaf5 uvc-3519 accent-subtitle-color\" data-hspacer=\"no_spacer\"  data-halign=\"left\" style=\"text-align:left\"><div class=\"uvc-heading-spacer no_spacer\" style=\"top\"><\/div><div class=\"uvc-main-heading ult-responsive\"  data-ultimate-target='.uvc-heading.ultimate-heading-185269f3d44a6eaf5 h2'  data-responsive-json-new='{\"font-size\":\"desktop:36px;\",\"line-height\":\"desktop:46px;\"}' ><h2 style=\"font-weight:bold;margin-bottom:10px;\">\u201eBezirksliga wir kommen\u201c \u2013 Goldene Jahre<\/h2><\/div><\/div>[vc_column_text css=&#8220;.vc_custom_1560459233745{padding-bottom: 25px !important;}&#8220;]Die erste Saison in der Bezirksliga stellte einer Herausforderung dar, die unsere erste Mannschaft mit Bravour l\u00f6ste und sich den Klassenerhalt fr\u00fch sichern konnte. Daneben gab es 2010 nicht nur einen erneuten Sieg im Baarpokal zu feiern, sondern auch den Aufstieg der, erst wenige Jahre zuvor gegr\u00fcndeten, zweiten Mannschaft, die als Meister in die Kreisliga B aufgestiegen war. Auch in den kommenden Jahren setzte sich dieser positive Trend fort. 2012 in Tuningen, 2013 beim Heimspiel in Seitingen-Oberflacht und 2014 in Tuningen konnte man den Baarpokal erneut gewinnen und wurde dadurch erneut Gesamtsieger des Wanderpokals. Daneben etablierte sich unsere erste Mannschaft in der Bezirksliga und hatte in den folgenden vier Spielzeiten nichts mit dem Abstieg zu tun.\u00a0 \u00c4hnlich gut erging es der zweiten Mannschaft, die sich ebenfalls in der Kreisliga B festspielen konnte.<\/p>\n<p>Ver\u00e4nderungen gab es lediglich am Vereinsgel\u00e4nde. So wurde der Hartplatz 2011 durch einen modernen Kunstrasen ersetzt. 2013 folgte die grundlegende Renovierung und Modernisierung unseres Sportheims. Aus dem bisherigen Sportheim wurde die \u201eSV-Gastst\u00e4tte\u201c und nach 16 erfolgreichen Jahren erfolgte der P\u00e4chterwechsel zu Ludwig Wei\u00df und Vesna Vudacin.<\/p>\n<p>2015 wurde der sportliche Erfolg etwas getr\u00fcbt. Erstmals musste man wieder um die Teilnahme in der Bezirksliga bangen. Schlussendlich konnte man aber in der Relegation durch einen 3:1 Sieg gegen den SV Zimmern II die Klasse halten. Spielte man in der folgenden Saison noch eine ordentliche Runde, verlief die Saison 2016\/17 katastrophal und man stieg folgerichtig aus der Bezirksliga ab. Nach acht Spielzeiten Bezirksliga hie\u00df es nun wieder Kreisliga A.[\/vc_column_text][\/vc_column][vc_column width=&#8220;1\/2&#8243; css=&#8220;.vc_custom_1558974351019{padding-top: 25% !important;padding-bottom: 25% !important;background-image: url(http:\/\/sv-so.de\/wp-content\/uploads\/2019\/05\/IMG_20190411_0019-1.jpg?id=1561) !important;background-position: center !important;background-repeat: no-repeat !important;background-size: contain !important;}&#8220;][\/vc_column][\/vc_row][vc_row equal_height=&#8220;yes&#8220; type=&#8220;vc_default&#8220;][vc_column width=&#8220;1\/2&#8243; css=&#8220;.vc_custom_1492764938173{padding-top: 90px !important;padding-bottom: 90px !important;}&#8220;]<div id=\"ultimate-heading-842469f3d44a6eb24\" class=\"uvc-heading ult-adjust-bottom-margin ultimate-heading-842469f3d44a6eb24 uvc-8277 accent-subtitle-color\" data-hspacer=\"no_spacer\"  data-halign=\"left\" style=\"text-align:left\"><div class=\"uvc-heading-spacer no_spacer\" style=\"top\"><\/div><div class=\"uvc-main-heading ult-responsive\"  data-ultimate-target='.uvc-heading.ultimate-heading-842469f3d44a6eb24 h2'  data-responsive-json-new='{\"font-size\":\"desktop:36px;\",\"line-height\":\"desktop:46px;\"}' ><h2 style=\"font-weight:bold;margin-bottom:10px;\">Heute \u2013 Umbr\u00fcche und der Blick nach vorne<\/h2><\/div><\/div>[vc_column_text css=&#8220;.vc_custom_1560459279306{padding-bottom: 25px !important;}&#8220;]Der Bezirksligaabstieg l\u00e4utete das Ende einer \u00c4ra ein und zog zahlreiche Umbr\u00fcche mit sich. Ein erstes \u201eOpfer\u201c dieser Umbr\u00fcche war die zweite Mannschaft. Nach vielen erfolgreichen Jahren in der Kreisliga B, erlaubten es die zahlreichen Spielerabg\u00e4nge aus der ersten Mannschaft nicht mehr, dass man noch eine eigenst\u00e4ndige Zweite stellen konnte. Ganz verschwunden ist sie jedoch nicht. Seit der Saison 2017\/18 stellt der SVSO zusammen mit Durchhausen\/Gunningen eine zweite Mannschaft. Auch die erste Mannschaft musste sich an die neuen Gegebenheiten gew\u00f6hnen. Zwar startete man nach dem Abstieg verhei\u00dfungsvoll, indem man zuhause den Baarpokal 2017 gewinnen konnte, doch die anschlie\u00dfende Vorrunde verlief anders als erhofft. Zum Gl\u00fcck folgte auf das Seuchenjahr 2017 ein Jahr 2018, auf das man wirklich stolz sein konnte. So spielte man eine \u00fcberragende R\u00fcckrunde und sicherte sich den kaum mehr f\u00fcr m\u00f6glich gehaltenen Klassenerhalt in der Kreisliga A durch den Sieg in der Relegation gegen den FCRW Reichenbach. Des Weiteren gab es 2018 erneut einen Sieg im Baarpokal (Durchhausen) zu bejubeln und zwar doppelt. Sowohl erste Mannschaft als auch AH-Team konnten hier triumphieren. Auch der Start in die Saison 2018\/19 lief mehr als erfolgreich, sodass man aus sportlicher Sicht optimistisch in die Zukunft blicken kann.<\/p>\n<p>Auch in Zukunft wird der Verein nicht still stehen. Jede Saison bringt nicht nur aus sportlicher Sicht ihre neuen Herausforderungen und Unw\u00e4gbarkeiten. Wenn der Blick in diese Vereinsgeschichte etwas gezeigt hat, dann dass es immer etwas zu tun gibt. Wie in der Vergangenheit, ist der SVSO auch heute bestrebt, das Beste f\u00fcr seine Spieler, Mitglieder, den Verein und die Gemeinde zu leisten und daf\u00fcr legen wir uns auch weiterhin ins Zeug.<\/p>\n<p>Auch auf Vereinsseite gab es Ver\u00e4nderungen. So wurde in einem ersten Schritt die Organisation der Jugendabteilung 2016 umgestellt (vllt. Verlinkung). Diesem Schritt folgte ein Jahr sp\u00e4ter die Umorganisation der Vorstandschaft samt Ver\u00e4nderungen der Satzung. Diese Schritte sind n\u00f6tig geworden, damit der Verein und seine F\u00fchrung zukunftsf\u00e4hig aufgestellt sind und ihren Aufgaben besser nachgehen k\u00f6nnen.[\/vc_column_text][\/vc_column][vc_column width=&#8220;1\/2&#8243; css=&#8220;.vc_custom_1558904763356{padding-top: 25% !important;padding-bottom: 25% !important;background-image: url(http:\/\/sv-so.de\/wp-content\/uploads\/2019\/05\/Baarpokal-2018-1.jpg?id=1413) !important;background-position: center !important;background-repeat: no-repeat !important;background-size: contain !important;}&#8220;][\/vc_column][\/vc_row]<\/p>\n<\/div>","protected":false},"excerpt":{"rendered":"<p>[vc_row bg_type=&#8220;image&#8220; parallax_style=&#8220;vcpb-default&#8220; bg_image_new=&#8220;id^1531|url^http:\/\/sv-so.de\/wp-content\/uploads\/2019\/05\/2a.jpg|caption^null|alt^null|title^2a|description^null&#8220; bg_image_repeat=&#8220;no-repeat&#8220; bg_img_attach=&#8220;fixed&#8220; bg_override=&#8220;ex-full&#8220; enable_overlay=&#8220;enable_overlay_value&#8220; overlay_color=&#8220;rgba(0,0,0,0.6)&#8220; type=&#8220;vc_default&#8220; css=&#8220;.vc_custom_1559076476224{padding-top: 6% !important;padding-bottom: 6% !important;}&#8220;][vc_column css=&#8220;.vc_custom_1492694838569{padding-top: 6% !important;padding-bottom: 6% !important;}&#8220; offset=&#8220;vc_col-lg-offset-2 vc_col-lg-8 vc_col-md-offset-1 vc_col-md-10 vc_col-sm-offset-0&#8243;][\/vc_column][\/vc_row][vc_row equal_height=&#8220;yes&#8220; type=&#8220;vc_default&#8220; css=&#8220;.vc_custom_1492758885864{padding-top: 100px !important;padding-bottom: 50px !important;}&#8220;][vc_column width=&#8220;7\/12&#8243; css=&#8220;.vc_custom_1492766991907{padding-bottom: 50px !important;}&#8220; offset=&#8220;vc_col-lg-5 vc_col-md-6&#8243;][vc_column_text]Die Geschichte unseres Vereins beginnt am 13.06.1953. An diesem Tag trafen sich \u00fcber 30 fu\u00dfballbegeisterte M\u00e4nner im Gasthaus&hellip;<\/p>\n","protected":false},"author":4,"featured_media":0,"parent":0,"menu_order":40,"comment_status":"closed","ping_status":"closed","template":"","meta":{"footnotes":""},"class_list":["post-1497","page","type-page","status-publish","hentry","description-off"],"_links":{"self":[{"href":"https:\/\/sv-so.de\/index.php?rest_route=\/wp\/v2\/pages\/1497"}],"collection":[{"href":"https:\/\/sv-so.de\/index.php?rest_route=\/wp\/v2\/pages"}],"about":[{"href":"https:\/\/sv-so.de\/index.php?rest_route=\/wp\/v2\/types\/page"}],"author":[{"embeddable":true,"href":"https:\/\/sv-so.de\/index.php?rest_route=\/wp\/v2\/users\/4"}],"replies":[{"embeddable":true,"href":"https:\/\/sv-so.de\/index.php?rest_route=%2Fwp%2Fv2%2Fcomments&post=1497"}],"version-history":[{"count":14,"href":"https:\/\/sv-so.de\/index.php?rest_route=\/wp\/v2\/pages\/1497\/revisions"}],"predecessor-version":[{"id":1547,"href":"https:\/\/sv-so.de\/index.php?rest_route=\/wp\/v2\/pages\/1497\/revisions\/1547"}],"wp:attachment":[{"href":"https:\/\/sv-so.de\/index.php?rest_route=%2Fwp%2Fv2%2Fmedia&parent=1497"}],"curies":[{"name":"wp","href":"https:\/\/api.w.org\/{rel}","templated":true}]}}